{"id":923,"date":"2022-11-22T17:49:47","date_gmt":"2022-11-22T16:49:47","guid":{"rendered":"https:\/\/www.albhotel.fr\/?page_id=923"},"modified":"2022-12-19T18:21:02","modified_gmt":"2022-12-19T17:21:02","slug":"notre-engagement-rse","status":"publish","type":"page","link":"https:\/\/www.albhotel.fr\/?page_id=923","title":{"rendered":"Notre Engagement RSE"},"content":{"rendered":"\n<p><strong>Le RSE\u2026 k\u00e9zako ?<\/strong><\/p>\n\n\n\n<p><em>Responsabilit\u00e9 Soci\u00e9tale et Environnementale<\/em><\/p>\n\n\n\n<p>C\u2019est une d\u00e9marche volontaire relative aux enjeux du d\u00e9veloppement durable.<\/p>\n\n\n\n<p>Elle s\u2019appuie sur trois piliers : Environnemental, Social et Economique.<\/p>\n\n\n\n<p>L\u2019ensemble du personnel d\u2019Alb\u2019h\u00f4tel a \u00e9t\u00e9 sensibilis\u00e9 \u00e0 cette d\u00e9marche au cours d\u2019une formation en fin d\u2019ann\u00e9e 2022.<\/p>\n\n\n\n<p>Voici quelques exemples p\u00eale-m\u00eale de nos actions&nbsp;:<\/p>\n\n\n\n<ul class=\"wp-block-list\"><li><strong>D\u00e9marche Social :<\/strong><\/li><\/ul>\n\n\n\n<p>Depuis 2002, Sophie et Eric Rameaux privil\u00e9gient le droit \u00e0 la \u00ab\u00a0d\u00e9connexion\u00a0\u00bb afin de trouver un parfait \u00e9quilibre entre la vie professionnelle et la personnelle de chaque employ\u00e9. Pour cela, ils ont choisi de fermer le restaurant le samedi et dimanche, mais \u00e9galement durant les f\u00eates de no\u00ebl.<\/p>\n\n\n\n<p>L&rsquo;Albhotel emploi un \u00e9tablissement de travail prot\u00e9g\u00e9 (CAT) pour l&rsquo;entretien des ext\u00e9rieurs.<\/p>\n\n\n\n<p><\/p>\n\n\n\n<ul class=\"wp-block-list\"><li><strong>D\u00e9marche environnementale&nbsp;:<\/strong><\/li><\/ul>\n\n\n\n<p>Nos consommables font aussi l\u2019objet d\u2019une r\u00e9flexion\u00a0: nos serviettes utilis\u00e9es sont, par exemples \u00ab\u00a0Ecolab\u00e9lis\u00e9es\u00a0\u00bb tout comme certains de nos produits de nettoyage.<\/p>\n\n\n\n<p>Ici\u2026 on trie&nbsp;!<\/p>\n\n\n\n<p>Les cartons\/papiers\u2026 sont collect\u00e9s hebdomadairement,<\/p>\n\n\n\n<p>Le bois (cagettes et palettes), aluminium (canettes), verre et plastique\u2026 sont port\u00e9s en d\u00e9chetterie,<\/p>\n\n\n\n<p>Les d\u00e9chets organiques (\u00e9pluchures, marc de caf\u00e9\u2026)\u2026 sont compost\u00e9s,<\/p>\n\n\n\n<p>Les retours d\u2019assiettes et produits carn\u00e9s\u2026 r\u00e9galent les chiens des chasseurs locaux,<\/p>\n\n\n\n<p>Les huiles et graisses\u2026 sont r\u00e9cup\u00e9r\u00e9es par une soci\u00e9t\u00e9 sp\u00e9cialis\u00e9e.<\/p>\n\n\n\n<p>Nous sensibilisons nos clients au geste \u00ab\u00a0Eco Responsable\u00a0\u00bb.<\/p>\n\n\n\n<p>Ici, on r\u00e9duit&nbsp;ce qui sort !<\/p>\n\n\n\n<p>Nous avons supprim\u00e9 les sets de tables au restaurant&nbsp;et essuie-mains aux WC pour r\u00e9duire les d\u00e9chets papiers. En chambre, les savons &amp; shampooings unitaires ont \u00e9t\u00e9 remplac\u00e9s par des distributeurs rechargeables.<\/p>\n\n\n\n<p>Par ailleurs, nous avons fait le choix du verre consign\u00e9 pour la majorit\u00e9 des bouteilles vendues au bar de l\u2019h\u00f4tel et du restaurant.<\/p>\n\n\n\n<p><strong>D\u00e9marche Economique\u00a0:<\/strong><\/p>\n\n\n\n<p>Ici\u2026 on choisit ce qui rentre&nbsp;!<\/p>\n\n\n\n<p>Nos denr\u00e9es alimentaires proviennent de fournisseurs r\u00e9gionaux, notre pain et nos viennoiseries sont fabriqu\u00e9s par l\u2019artisan boulanger local, notre fromage provient des fruiti\u00e8res alentours\u2026Nous proposons m\u00eames des bi\u00e8res bio issues d\u2019un circuit tr\u00e8s court puisqu\u2019elles sont fabriqu\u00e9es \u00e0 moins de 500 m\u00e8tres&nbsp;de notre \u00e9tablissement.<\/p>\n\n\n\n<p><\/p>\n\n\n\n<p><\/p>\n","protected":false},"excerpt":{"rendered":"<p>Le RSE\u2026 k\u00e9zako ? Responsabilit\u00e9 Soci\u00e9tale et Environnementale C\u2019est une d\u00e9marche volontaire relative aux enjeux du d\u00e9veloppement durable. Elle s\u2019appuie sur trois piliers : Environnemental, Social et Economique. L\u2019ensemble du personnel d\u2019Alb\u2019h\u00f4tel a \u00e9t\u00e9 sensibilis\u00e9 \u00e0 cette d\u00e9marche au cours d\u2019une formation en fin d\u2019ann\u00e9e 2022. Voici quelques exemples p\u00eale-m\u00eale de nos actions&nbsp;: D\u00e9marche Social : Depuis 2002, Sophie et Eric Rameaux privil\u00e9gient le droit \u00e0 la \u00ab\u00a0d\u00e9connexion\u00a0\u00bb afin de trouver un parfait \u00e9quilibre entre la vie professionnelle et la personnelle de chaque employ\u00e9. Pour cela, ils ont choisi de fermer le restaurant le samedi et dimanche, mais \u00e9galement durant les f\u00eates de no\u00ebl. L&rsquo;Albhotel emploi un \u00e9tablissement de travail prot\u00e9g\u00e9 (CAT) pour l&rsquo;entretien des ext\u00e9rieurs. D\u00e9marche environnementale&nbsp;: Nos consommables font aussi l\u2019objet d\u2019une r\u00e9flexion\u00a0: nos serviettes utilis\u00e9es sont, par exemples \u00ab\u00a0Ecolab\u00e9lis\u00e9es\u00a0\u00bb tout comme certains de nos produits de nettoyage. Ici\u2026 on trie&nbsp;! Les cartons\/papiers\u2026 sont collect\u00e9s hebdomadairement, Le bois (cagettes et palettes), aluminium (canettes), verre et plastique\u2026 sont port\u00e9s en d\u00e9chetterie, Les d\u00e9chets organiques (\u00e9pluchures, marc de caf\u00e9\u2026)\u2026 sont compost\u00e9s, Les retours d\u2019assiettes et produits carn\u00e9s\u2026 r\u00e9galent les chiens des chasseurs locaux, Les huiles et graisses\u2026 sont r\u00e9cup\u00e9r\u00e9es par une soci\u00e9t\u00e9 sp\u00e9cialis\u00e9e. Nous sensibilisons nos clients au geste \u00ab\u00a0Eco [&hellip;]<\/p>\n","protected":false},"author":2,"featured_media":0,"parent":0,"menu_order":0,"comment_status":"closed","ping_status":"closed","template":"mentions-legales.php","meta":{"footnotes":""},"class_list":["post-923","page","type-page","status-publish","hentry"],"_links":{"self":[{"href":"https:\/\/www.albhotel.fr\/index.php?rest_route=\/wp\/v2\/pages\/923","targetHints":{"allow":["GET"]}}],"collection":[{"href":"https:\/\/www.albhotel.fr\/index.php?rest_route=\/wp\/v2\/pages"}],"about":[{"href":"https:\/\/www.albhotel.fr\/index.php?rest_route=\/wp\/v2\/types\/page"}],"author":[{"embeddable":true,"href":"https:\/\/www.albhotel.fr\/index.php?rest_route=\/wp\/v2\/users\/2"}],"replies":[{"embeddable":true,"href":"https:\/\/www.albhotel.fr\/index.php?rest_route=%2Fwp%2Fv2%2Fcomments&post=923"}],"version-history":[{"count":5,"href":"https:\/\/www.albhotel.fr\/index.php?rest_route=\/wp\/v2\/pages\/923\/revisions"}],"predecessor-version":[{"id":941,"href":"https:\/\/www.albhotel.fr\/index.php?rest_route=\/wp\/v2\/pages\/923\/revisions\/941"}],"wp:attachment":[{"href":"https:\/\/www.albhotel.fr\/index.php?rest_route=%2Fwp%2Fv2%2Fmedia&parent=923"}],"curies":[{"name":"wp","href":"https:\/\/api.w.org\/{rel}","templated":true}]}}